{"id":1290,"date":"2024-03-05T14:45:45","date_gmt":"2024-03-05T13:45:45","guid":{"rendered":"http:\/\/dinges.pl\/?page_id=1290"},"modified":"2024-05-06T11:16:41","modified_gmt":"2024-05-06T09:16:41","slug":"gornoslaski-park-krajobrazowy","status":"publish","type":"page","link":"http:\/\/dinges.pl\/?page_id=1290","title":{"rendered":"G\u00f3rno\u015bl\u0105ski Park Krajobrazowy"},"content":{"rendered":"\n<p class=\"has-white-color has-vivid-green-cyan-background-color has-text-color has-background has-link-color has-medium-font-size wp-elements-4f095bab4ea00f61a7b19734b8704c23\"><strong>Park krajobrazowy na G\u00f3rnym \u015al\u0105sku &#8211; jak mo\u017cemy ochroni\u0107 unikalne warto\u015bci przyrodnicze, historyczne oraz kulturowe?<\/strong><\/p>\n\n\n\n<p id=\"GPK\">Przemys\u0142owy lub poprzemys\u0142owy obszar G\u00f3rnego \u015al\u0105ska na pierwszy rzut oka nie wydaje si\u0119 miejscem, kt\u00f3re mo\u017ce posiada\u0107 cenne walory przyrodnicze. Pr\u0119dzej historyczne i industrialne, kt\u00f3re s\u0105 znane i rozpoznawalne. Jednak i w sercu tego przekszta\u0142conego przez ludzi w ostatnich stuleciach krajobrazu, tak bliskiemu naszym sercom, znajduj\u0105 si\u0119 miejsca, gdzie zachowa\u0142y si\u0119 siedliska przyrodnicze, natura sama odzyska\u0142a swoj\u0105 przestrze\u0144, jak na przyk\u0142ad na \u017babich Do\u0142ach, lub te\u017c gdzie to cz\u0142owiek powinien pom\u00f3c oczy\u015bci\u0107 zdegradowane przez swoj\u0105 dzia\u0142alno\u015b\u0107 obszary, jak na przyk\u0142ad wzd\u0142u\u017c Koch\u0142\u00f3wki czy Bytomki.<\/p>\n\n\n\n<p>Po\u0142\u0105czenie <strong>ochrony walor\u00f3w przyrodniczych oraz historycznych i kulturowych<\/strong> na przemys\u0142owym obszarze G\u00f3rnego \u015al\u0105ska mog\u0142oby obj\u0105\u0107 cenne miejsca zlokalizowane na terenie <strong>Bytomia, Chorzowa, Gliwic, Katowic, Miko\u0142owa, Piekar \u015al\u0105skich, Radzionkowa, Rudy \u015al\u0105skiej, Siemianowic \u015al\u0105skich, \u015awierkla\u0144ca, \u015awi\u0119toch\u0142owic, Tarnowskich G\u00f3r, Zabrza i Zbros\u0142awic<\/strong>. Przedmiotem wsp\u00f3lnej ochrony mog\u0142yby sta\u0107 si\u0119 m.in. koryta i otuliny rzek Bytomki, Dramy, Jamny, Koch\u0142\u00f3wki i Lipinki, potoki Rokitnicki i Mikulczycki, Stawy Miechowickie, \u017babie Do\u0142y, rezerwat Segiet, Blach\u00f3wka, Miechowicka Ostoja Le\u015bna, Do\u0142y Piekarskie, Park w Reptach, Las D\u0105browa, Las Murckowski, Suchog\u00f3rski Labirynt Skalny, Ha\u0142da Pop\u0142uczkow\u0105, a pod k\u0105tem historycznym i kulturowym &#8211;&nbsp; pozosta\u0142o\u015bci przemys\u0142owo-historyczne, tj. m.in. podziemia bytomsko-tarnog\u00f3rskie, kopalnie dolomitu, osiedla robotnicze, G\u00f3rno\u015bl\u0105skie Koleje W\u0105skotorowe i obiekty innych dawnych linii kolejowych, fragment Obszaru Warownego \u015al\u0105sk, ha\u0142dy, szyby i zabudowania poprzemys\u0142owe.<\/p>\n\n\n\n<p>Jako zwolennik ochrony \u015brodowiska przyrodniczego, zaproponowa\u0142em mo\u017cliw\u0105 nazw\u0119 takiego obszaru: <strong>G\u00f3rno\u015bl\u0105ski Park Krajobrazowy<\/strong>, co oczywi\u015bcie by\u0142oby odniesieniem geograficzno-historycznym do miejsc mo\u017cliwej ochrony. Warto podkre\u015bli\u0107: ochrony \u2013 nie tylko przyrody, ale r\u00f3wnie\u017c zabytk\u00f3w historycznych i kulturowych \u2013 st\u0105d propozycja utworzenia nieoczywistego w poprzemys\u0142owym krajobrazie G\u00f3rnego \u015al\u0105ska \u2013 parku krajobrazowego. Nie oznacza to z automatu, \u017ce nie by\u0142aby mo\u017cliwa dzia\u0142alno\u015b\u0107 produkcyjna, rolna czy po prostu zamieszkiwanie na terenie takiego obszaru. Chodzi bardziej o to, by zachowa\u0107 te obszary i obiekty przed dalsz\u0105 degradacj\u0105 lub lekkomy\u015blnym przekszta\u0142ceniem ich charakteru np. na obiekty wielkopowierzchniowe czy sk\u0142adowiska \u015bmieci. A jednocze\u015bnie uczyni\u0107 z nich miejsce lepszego wypoczynku mieszka\u0144c\u00f3w i unikaln\u0105 atrakcj\u0119 turystyczn\u0105.<\/p>\n\n\n\n<p>W ten spos\u00f3b m\u00f3g\u0142by powsta\u0107 chroniony obszar posiadaj\u0105cy <strong>unikalne w skali Europy walory krajobrazowe<\/strong> o powierzchni ponad 50 km<sup>2<\/sup>.<\/p>\n\n\n\n<p><\/p>\n\n\n\n<figure class=\"wp-block-image size-full\"><img loading=\"lazy\" decoding=\"async\" width=\"1024\" height=\"768\" src=\"http:\/\/dinges.pl\/wp-content\/uploads\/2022\/01\/Tulips.jpg\" alt=\"\" class=\"wp-image-15\" srcset=\"http:\/\/dinges.pl\/wp-content\/uploads\/2022\/01\/Tulips.jpg 1024w, http:\/\/dinges.pl\/wp-content\/uploads\/2022\/01\/Tulips-300x225.jpg 300w, http:\/\/dinges.pl\/wp-content\/uploads\/2022\/01\/Tulips-768x576.jpg 768w\" sizes=\"auto, (max-width: 1024px) 100vw, 1024px\" \/><\/figure>\n","protected":false},"excerpt":{"rendered":"<p>Park krajobrazowy na G\u00f3rnym \u015al\u0105sku &#8211; jak mo\u017cemy ochroni\u0107 unikalne warto\u015bci przyrodnicze, historyczne oraz kulturowe? Przemys\u0142owy lub poprzemys\u0142owy obszar G\u00f3rnego \u015al\u0105ska na pierwszy rzut oka nie wydaje si\u0119 miejscem, kt\u00f3re &#8230;<\/p>\n","protected":false},"author":1,"featured_media":0,"parent":0,"menu_order":0,"comment_status":"closed","ping_status":"closed","template":"","meta":{"footnotes":""},"class_list":["post-1290","page","type-page","status-publish","hentry"],"_links":{"self":[{"href":"http:\/\/dinges.pl\/index.php?rest_route=\/wp\/v2\/pages\/1290","targetHints":{"allow":["GET"]}}],"collection":[{"href":"http:\/\/dinges.pl\/index.php?rest_route=\/wp\/v2\/pages"}],"about":[{"href":"http:\/\/dinges.pl\/index.php?rest_route=\/wp\/v2\/types\/page"}],"author":[{"embeddable":true,"href":"http:\/\/dinges.pl\/index.php?rest_route=\/wp\/v2\/users\/1"}],"replies":[{"embeddable":true,"href":"http:\/\/dinges.pl\/index.php?rest_route=%2Fwp%2Fv2%2Fcomments&post=1290"}],"version-history":[{"count":7,"href":"http:\/\/dinges.pl\/index.php?rest_route=\/wp\/v2\/pages\/1290\/revisions"}],"predecessor-version":[{"id":1327,"href":"http:\/\/dinges.pl\/index.php?rest_route=\/wp\/v2\/pages\/1290\/revisions\/1327"}],"wp:attachment":[{"href":"http:\/\/dinges.pl\/index.php?rest_route=%2Fwp%2Fv2%2Fmedia&parent=1290"}],"curies":[{"name":"wp","href":"https:\/\/api.w.org\/{rel}","templated":true}]}}