{"id":6,"date":"2022-01-08T20:07:16","date_gmt":"2022-01-08T19:07:16","guid":{"rendered":"http:\/\/dinges.pl\/?page_id=6"},"modified":"2024-05-06T11:15:03","modified_gmt":"2024-05-06T09:15:03","slug":"tworz-swoja-witryne-za-pomoca-blokow","status":"publish","type":"page","link":"http:\/\/dinges.pl\/","title":{"rendered":"O mnie"},"content":{"rendered":"\n<div class=\"wp-block-columns is-layout-flex wp-container-core-columns-is-layout-9d6595d7 wp-block-columns-is-layout-flex\">\n<div class=\"wp-block-column is-layout-flow wp-block-column-is-layout-flow\">\n<figure class=\"wp-block-image size-large\"><img loading=\"lazy\" decoding=\"async\" width=\"683\" height=\"1024\" src=\"http:\/\/dinges.pl\/wp-content\/uploads\/2024\/03\/Dinges-0108-kopia-edited-683x1024.jpg\" alt=\"\" class=\"wp-image-1272\" srcset=\"http:\/\/dinges.pl\/wp-content\/uploads\/2024\/03\/Dinges-0108-kopia-edited-683x1024.jpg 683w, http:\/\/dinges.pl\/wp-content\/uploads\/2024\/03\/Dinges-0108-kopia-edited-200x300.jpg 200w, http:\/\/dinges.pl\/wp-content\/uploads\/2024\/03\/Dinges-0108-kopia-edited-768x1152.jpg 768w, http:\/\/dinges.pl\/wp-content\/uploads\/2024\/03\/Dinges-0108-kopia-edited-1024x1536.jpg 1024w, http:\/\/dinges.pl\/wp-content\/uploads\/2024\/03\/Dinges-0108-kopia-edited-1366x2048.jpg 1366w, http:\/\/dinges.pl\/wp-content\/uploads\/2024\/03\/Dinges-0108-kopia-edited-scaled.jpg 1707w\" sizes=\"auto, (max-width: 683px) 100vw, 683px\" \/><\/figure>\n\n\n\n<p><\/p>\n\n\n\n<h2 class=\"wp-block-heading\">Wykszta\u0142cenie<\/h2>\n\n\n\n<p>Jestem absolwentem studi\u00f3w magisterskich oraz doktoranckich na Wydziale Automatyki, Elektroniki i Informatyki Politechniki \u015al\u0105skiej w Gliwicach. <\/p>\n\n\n\n<p>Uko\u0144czy\u0142em studia podyplomowe z zakresu zarz\u0105dzania przedsi\u0119biorstwem w Unii Europejskiej organizowane przez Szko\u0142\u0119 G\u0142\u00f3wn\u0105 Handlow\u0105 w Warszawie. <\/p>\n\n\n\n<p>Posiadam tak\u017ce dyplom uko\u0144czonych z wyr\u00f3\u017cnieniem dwuletnich studi\u00f3w Executive MBA organizowanych przez Wy\u017csz\u0105 Szko\u0142\u0119 Bankow\u0105 w Poznaniu oraz Coventry University.<\/p>\n\n\n\n<p>Nie mog\u0119 nie doda\u0107, \u017ce jestem absolwentem chorzowskiego \u201eS\u0142owaka\u201d, kt\u00f3rego nauczyciele zach\u0119cili mnie do ci\u0105g\u0142ego uczenia si\u0119 i niespoczywania na laurach.<\/p>\n\n\n\n<h2 class=\"wp-block-heading\">Dzia\u0142alno\u015b\u0107 spo\u0142eczna<\/h2>\n\n\n\n<p>Wiele rzeczy, kt\u00f3rych si\u0119 podejmowa\u0142em mia\u0142o znaczenie dla spo\u0142eczno\u015bci lokalnych \u2013 tych najmniejszych jak wsp\u00f3lnota mieszkaniowa lub sp\u00f3\u0142dzielnia mieszkaniowa, gdzie dzia\u0142am lub dzia\u0142a\u0142em w zarz\u0105dzie lub radzie nadzorczej (nieodp\u0142atnie). Udziela\u0142em si\u0119 r\u00f3wnie\u017c w radach rodzic\u00f3w lub radach szk\u00f3\u0142 moich dzieci.<\/p>\n\n\n\n<p>Jako mieszkaniec Chorzowa zg\u0142asza\u0142em do bud\u017cetu obywatelskiego propozycje, kt\u00f3re by\u0142y zatwierdzone do udzia\u0142u w g\u0142osowaniach.<\/p>\n\n\n\n<p>Jako cz\u0142onek Stowarzyszenia \u201eKolej na \u015al\u0105sk\u201d konsultowa\u0142em dokumenty strategiczne na poziomie wojew\u00f3dzkim, odnosi\u0142em si\u0119 na pi\u015bmie i bra\u0142em udzia\u0142 w konsultacjach spo\u0142ecznych zwi\u0105zanych z propozycjami budowy linii kolejowego komponentu CPK, udziela\u0142em r\u00f3wnie\u017c wsparcia samorz\u0105dom i dzia\u0142aczom lokalnym w tematach zwi\u0105zanych z liniami i po\u0142\u0105czeniami kolejowymi.<\/p>\n\n\n\n<p>Jestem cz\u0142onkiem Stowarzyszenia In\u017cynier\u00f3w i Technik\u00f3w Komunikacji oraz lokalnych stowarzysze\u0144 spo\u0142ecznych, m.in. Nasz Park oraz Chorz\u00f3w Pozytywnie, gdzie dzia\u0142am na rzecz ochrony i rozwoju \u015brodowiska naturalnego.<\/p>\n\n\n\n<p class=\"has-vivid-cyan-blue-color has-text-color has-link-color wp-elements-05632029db11419b895fe2527d27a9af\"><\/p>\n\n\n\n<h2 class=\"wp-block-heading\">Rodzina i zainteresowania<\/h2>\n\n\n<div class=\"wp-block-image\">\n<figure class=\"alignleft size-full\"><img loading=\"lazy\" decoding=\"async\" width=\"155\" height=\"206\" src=\"http:\/\/dinges.pl\/wp-content\/uploads\/2024\/03\/na-131.jpg\" alt=\"\" class=\"wp-image-1314\"\/><\/figure>\n<\/div>\n\n\n<p>Prywatnie jestem m\u0119\u017cem i ojcem. C\u00f3rka uczy si\u0119 w szkole \u015bredniej,  syn studiuje. Gdy jest wi\u0119cej czasu wolnego \u2013 najch\u0119tniej turystyka \u2013 zwiedzanie lub w\u0119dr\u00f3wki. Gdy czasu jest ma\u0142o \u2013  lektura lub film. Ponadto historia, kultura, ochrona przyrody i jak najcz\u0119stsza jazda &#8220;na kole&#8221; \ud83d\ude42<\/p>\n\n\n\n<h2 class=\"wp-block-heading\">Ksi\u0105\u017cka<\/h2>\n\n\n\n<div class=\"wp-block-cover\"><span aria-hidden=\"true\" class=\"wp-block-cover__background has-vivid-cyan-blue-background-color has-background-dim-100 has-background-dim\"><\/span><div class=\"wp-block-cover__inner-container is-layout-flow wp-block-cover-is-layout-flow\">\n<p class=\"has-text-align-center has-large-font-size\">&#8220;Sekrety Chorzowa&#8221; <br>i &#8220;Najwa\u017cniejszy rejs&#8221;<\/p>\n\n\n\n<p class=\"has-white-color has-text-color has-link-color wp-elements-f06d3ab4c4458b690d53b82e2ac7ec01\">Z moich zainteresowa\u0144 narodzi\u0142 si\u0119 pomys\u0142 napisania ksi\u0105\u017cki o rodzinnym mie\u015bcie pt. <strong>\u201eSekrety Chorzowa\u201d<\/strong> wydanej przez \u0142\u00f3dzkie wydawnictwo \u201eKsi\u0119\u017cy M\u0142yn\u201d. Zawiera historie zwi\u0105zane z Chorzowem, Kr\u00f3lewsk\u0105 Hut\u0105, Hajdukami Wielkimi, opisuje osoby, miejsca, wydarzenia. Dla czytelnik\u00f3w spoza miasta, spoza \u015al\u0105ska mog\u0105 one by\u0107 zupe\u0142nie zaskakuj\u0105ce, ale my\u015bl\u0119, \u017ce zaciekawi\u0105 r\u00f3wnie\u017c mieszka\u0144c\u00f3w.<\/p>\n\n\n\n<p class=\"has-white-color has-text-color has-link-color wp-elements-aee3bd38d0685d6beb6bca8e25dbf6a4\">Jako Chorzowianin \u201eod pokole\u0144\u201d wyrasta\u0142em w otoczeniu miejsc i historii, o kt\u00f3rych pisz\u0119. Co nie znaczy, \u017ce nie musia\u0142em pewnych spraw doprecyzowa\u0107, poszuka\u0107 po archiwach lub doczyta\u0107. Dodam, \u017ce nie tylko pisanie, ale r\u00f3wnie\u017c zbieranie materia\u0142\u00f3w by\u0142o ciekaw\u0105 przygod\u0105. <br>Wi\u0119cej: <a href=\"https:\/\/www.slazag.pl\/chorzow-to-moje-centrum-wszechswiata-wojciech-dinges-o-swojej-ksiazce-sekrety-chorzowa\"><strong>w rozmowie z portalem slazag.pl<\/strong><\/a><\/p>\n\n\n\n<p class=\"has-black-color has-text-color has-link-color wp-elements-05dd757db274a4d3b672e850667d5d90\">Natomiast &#8220;<strong>Najwa\u017cniejszy rejs<\/strong>&#8220;, wydany w 2024 r. przez Wydawnictwo Naukowe &#8220;\u015al\u0105sk&#8221; jest powie\u015bci\u0105 fabularn\u0105, cho\u0107 opart\u0105 \u015bci\u015ble na prawdziwej historii parowca &#8220;Chorz\u00f3w&#8221; i ratowania skarb\u00f3w wawelskich podczas II wojny \u015bwiatowej, z w\u0105tkami sensacyjnymi. Cho\u0107 jest to silesianum, podejmuj\u0105ce m.in. tematy Sejmu Wojew\u00f3dztwa \u015al\u0105skiego i los\u00f3w G\u00f3rno\u015bl\u0105zak\u00f3w w I po\u0142owie XX w., akcja toczy si\u0119  w kilku krajach Europy i na morzach w latach 1929 &#8211; 1953.  <\/p>\n\n\n\n<figure class=\"wp-block-image size-large\"><img loading=\"lazy\" decoding=\"async\" width=\"1024\" height=\"683\" src=\"http:\/\/dinges.pl\/wp-content\/uploads\/2024\/03\/Dinges-0800-Poprawione-Szum-kopia-1024x683.jpg\" alt=\"\" class=\"wp-image-1264\" srcset=\"http:\/\/dinges.pl\/wp-content\/uploads\/2024\/03\/Dinges-0800-Poprawione-Szum-kopia-1024x683.jpg 1024w, http:\/\/dinges.pl\/wp-content\/uploads\/2024\/03\/Dinges-0800-Poprawione-Szum-kopia-300x200.jpg 300w, http:\/\/dinges.pl\/wp-content\/uploads\/2024\/03\/Dinges-0800-Poprawione-Szum-kopia-768x512.jpg 768w, http:\/\/dinges.pl\/wp-content\/uploads\/2024\/03\/Dinges-0800-Poprawione-Szum-kopia-1536x1024.jpg 1536w, http:\/\/dinges.pl\/wp-content\/uploads\/2024\/03\/Dinges-0800-Poprawione-Szum-kopia-2048x1366.jpg 2048w\" sizes=\"auto, (max-width: 1024px) 100vw, 1024px\" \/><figcaption class=\"wp-element-caption\">Fot. R. Klimkiewicz \/ Miejsce: Ksi\u0119garnia &#8220;Dope\u0142niacz&#8221;<\/figcaption><\/figure>\n\n\n\n<p class=\"has-vivid-cyan-blue-color has-white-background-color has-text-color has-background has-link-color wp-elements-7f42f9a0d752d9d12d86d75b1aee36eb\"><a href=\"https:\/\/www.km.com.pl\/ksiazka-593-sekrety_chorzowa.html\" target=\"_blank\" rel=\"noreferrer noopener\"><mark style=\"background-color:#ffffff\" class=\"has-inline-color has-black-color\">https:\/\/www.km.com.pl\/ksiazka-593-sekrety_chorzowa.html<\/mark><\/a><br><a href=\"https:\/\/www.slaskwn.com.pl\/sklep\/najwazniejszy-rejs\">https:\/\/www.slaskwn.com.pl\/sklep\/najwazniejszy-rejs<\/a> <\/p>\n<\/div><\/div>\n\n\n\n<p><\/p>\n\n\n\n<h2 class=\"wp-block-heading\">Social media<\/h2>\n\n\n\n<p>Zach\u0119cam do obserwowania moich profil\u00f3w w mediach spo\u0142eczno\u015bciowych:<\/p>\n\n\n\n<ul class=\"wp-block-social-links is-layout-flex wp-block-social-links-is-layout-flex\"><li class=\"wp-social-link wp-social-link-linkedin  wp-block-social-link\"><a href=\"https:\/\/linkedin.com\/in\/dinges\" class=\"wp-block-social-link-anchor\"><svg width=\"24\" height=\"24\" viewBox=\"0 0 24 24\" version=\"1.1\" xmlns=\"http:\/\/www.w3.org\/2000\/svg\" aria-hidden=\"true\" focusable=\"false\"><path d=\"M19.7,3H4.3C3.582,3,3,3.582,3,4.3v15.4C3,20.418,3.582,21,4.3,21h15.4c0.718,0,1.3-0.582,1.3-1.3V4.3 C21,3.582,20.418,3,19.7,3z M8.339,18.338H5.667v-8.59h2.672V18.338z M7.004,8.574c-0.857,0-1.549-0.694-1.549-1.548 c0-0.855,0.691-1.548,1.549-1.548c0.854,0,1.547,0.694,1.547,1.548C8.551,7.881,7.858,8.574,7.004,8.574z M18.339,18.338h-2.669 v-4.177c0-0.996-0.017-2.278-1.387-2.278c-1.389,0-1.601,1.086-1.601,2.206v4.249h-2.667v-8.59h2.559v1.174h0.037 c0.356-0.675,1.227-1.387,2.526-1.387c2.703,0,3.203,1.779,3.203,4.092V18.338z\"><\/path><\/svg><span class=\"wp-block-social-link-label screen-reader-text\">LinkedIn<\/span><\/a><\/li>\n\n<li class=\"wp-social-link wp-social-link-twitter  wp-block-social-link\"><a href=\"https:\/\/twitter.com\/w_dinges\" class=\"wp-block-social-link-anchor\"><svg width=\"24\" height=\"24\" viewBox=\"0 0 24 24\" version=\"1.1\" xmlns=\"http:\/\/www.w3.org\/2000\/svg\" aria-hidden=\"true\" focusable=\"false\"><path d=\"M22.23,5.924c-0.736,0.326-1.527,0.547-2.357,0.646c0.847-0.508,1.498-1.312,1.804-2.27 c-0.793,0.47-1.671,0.812-2.606,0.996C18.324,4.498,17.257,4,16.077,4c-2.266,0-4.103,1.837-4.103,4.103 c0,0.322,0.036,0.635,0.106,0.935C8.67,8.867,5.647,7.234,3.623,4.751C3.27,5.357,3.067,6.062,3.067,6.814 c0,1.424,0.724,2.679,1.825,3.415c-0.673-0.021-1.305-0.206-1.859-0.513c0,0.017,0,0.034,0,0.052c0,1.988,1.414,3.647,3.292,4.023 c-0.344,0.094-0.707,0.144-1.081,0.144c-0.264,0-0.521-0.026-0.772-0.074c0.522,1.63,2.038,2.816,3.833,2.85 c-1.404,1.1-3.174,1.756-5.096,1.756c-0.331,0-0.658-0.019-0.979-0.057c1.816,1.164,3.973,1.843,6.29,1.843 c7.547,0,11.675-6.252,11.675-11.675c0-0.178-0.004-0.355-0.012-0.531C20.985,7.47,21.68,6.747,22.23,5.924z\"><\/path><\/svg><span class=\"wp-block-social-link-label screen-reader-text\">Twitter<\/span><\/a><\/li>\n\n<li class=\"wp-social-link wp-social-link-facebook  wp-block-social-link\"><a href=\"https:\/\/www.facebook.com\/WDinges\" class=\"wp-block-social-link-anchor\"><svg width=\"24\" height=\"24\" viewBox=\"0 0 24 24\" version=\"1.1\" xmlns=\"http:\/\/www.w3.org\/2000\/svg\" aria-hidden=\"true\" focusable=\"false\"><path d=\"M12 2C6.5 2 2 6.5 2 12c0 5 3.7 9.1 8.4 9.9v-7H7.9V12h2.5V9.8c0-2.5 1.5-3.9 3.8-3.9 1.1 0 2.2.2 2.2.2v2.5h-1.3c-1.2 0-1.6.8-1.6 1.6V12h2.8l-.4 2.9h-2.3v7C18.3 21.1 22 17 22 12c0-5.5-4.5-10-10-10z\"><\/path><\/svg><span class=\"wp-block-social-link-label screen-reader-text\">Facebook<\/span><\/a><\/li><\/ul>\n<\/div>\n\n\n\n<div class=\"wp-block-column is-layout-flow wp-block-column-is-layout-flow\">\n<h2 class=\"wp-block-heading\">Do\u015bwiadczenie zawodowe<\/h2>\n\n\n\n<p>Wi\u0119kszo\u015b\u0107 moich dzia\u0142a\u0144 zawodowych wi\u0105\u017ce si\u0119 z innowacyjno\u015bci\u0105, badaniami i rozwojem, transportem &#8211; zw\u0142aszcza szynowym, doradztwem oraz zarz\u0105dzaniem projektami i zespo\u0142ami ludzi. Prac\u0119 zawodow\u0105 rozpocz\u0105\u0142em w 1993 roku i przez 30 lat przeszed\u0142em drog\u0119 od konstruktora urz\u0105dze\u0144 bezpiecznego sterowania ruchem kolejowym, poprzez kierownika produktu, dzia\u0142u, projekt\u00f3w (r\u00f3wnie\u017c wielu mi\u0119dzynarodowych), osob\u0119 zarz\u0105dzaj\u0105c\u0105 zespo\u0142ami in\u017cynierskimi, p\u00f3\u017aniej jako\u015bci\u0105 i rozwojem organizacji, a\u017c po niezale\u017cnego doradc\u0119 i konsultanta w dziedzinie in\u017cynierii oraz zarz\u0105dzania i po osob\u0119 zarz\u0105dzaj\u0105c\u0105 ma\u0142ymi i du\u017cymi przedsi\u0119biorstwami oraz urz\u0119dnika publicznego.<\/p>\n\n\n\n<p>Drog\u0119 zawodow\u0105 zwi\u0105za\u0142em pocz\u0105tkowo z katowickim ZWUS, wchodz\u0105cym kolejno w sk\u0142ad koncern\u00f3w ABB, Daimler-Benz, Bombardier a obecnie Alstom, p\u00f3\u017aniej pracowa\u0142em w CTL Logistics, House of Solutions i Kolejach \u015al\u0105skich, gdzie w latach 2015-2019 pe\u0142ni\u0142em funkcj\u0119 prezesa zarz\u0105du. Wsp\u00f3\u0142pracowa\u0142em pewien czas z firmami Sii Polska i Somar. Zosta\u0142em r\u00f3wnie\u017c powo\u0142any do pe\u0142nienia roli eksperta na rzecz Komisji Europejskiej (DG Move).<\/p>\n\n\n\n<p>W GZM prowadzi\u0142em projekt Kolei Metropolitalnej oraz inne przedsi\u0119wzi\u0119cia i projekty zwi\u0105zane z rozwojem transportu szynowego w Metropolii \u2013 m.in. rozw\u00f3j finansowania nowych po\u0142\u0105cze\u0144 kolejowych, projekty w Programie Kolej+ i inne prace studialne oraz dzia\u0142ania na rzecz zr\u00f3wnowa\u017conej mobilno\u015bci.<\/p>\n\n\n\n<p>Us\u0142ugi doradcze pe\u0142ni\u0142em wobec szeregu przedsi\u0119biorstw i instytucji, m.in. ArcelorMittal, Axtone, DB Cargo, Elhand, Euroterminal S\u0142awk\u00f3w, Instytut Transportu Samochodowego, Krakowskie Zak\u0142ady Automatyki, Lietuvos Gelezinkeliai (LTG Cargo, LTG Link), MGGP, MTA Long Island Rail Road, MTRC Hongkong, NEEL, NEWAG, PESA, QSS Group, SITK, Solaris Bus&amp;Coach, TrackTec, PKP Cargo, PKP PLK, Polregio, funduszy inwestycyjnych i bank\u00f3w: m.in. Arcus Investment, Amber Infrastructure Group, EQT Partners, Three Seas Initiative Investment Fund, Meridiam Infrastructure, TDJ Investment \/Grupa Famur, PKO BP, firm doradczych: Boston Consulting Group, Deloitte, EY, PwC i T\u00dcV Rheinland oraz wielu mniejszych organizacji, a tak\u017ce samorz\u0105d\u00f3w r\u00f3\u017cnych szczebli.<\/p>\n\n\n\n<figure class=\"wp-block-image size-large\"><img loading=\"lazy\" decoding=\"async\" width=\"1024\" height=\"684\" src=\"http:\/\/dinges.pl\/wp-content\/uploads\/2024\/03\/Dinges-0471-kopia-1024x684.jpg\" alt=\"\" class=\"wp-image-1261\" srcset=\"http:\/\/dinges.pl\/wp-content\/uploads\/2024\/03\/Dinges-0471-kopia-1024x684.jpg 1024w, http:\/\/dinges.pl\/wp-content\/uploads\/2024\/03\/Dinges-0471-kopia-300x200.jpg 300w, http:\/\/dinges.pl\/wp-content\/uploads\/2024\/03\/Dinges-0471-kopia-768x513.jpg 768w, http:\/\/dinges.pl\/wp-content\/uploads\/2024\/03\/Dinges-0471-kopia-1536x1026.jpg 1536w, http:\/\/dinges.pl\/wp-content\/uploads\/2024\/03\/Dinges-0471-kopia-2048x1368.jpg 2048w\" sizes=\"auto, (max-width: 1024px) 100vw, 1024px\" \/><\/figure>\n\n\n\n<p><\/p>\n\n\n\n<h2 class=\"wp-block-heading\">Osi\u0105gni\u0119cia zawodowe<\/h2>\n\n\n\n<p>Jestem wsp\u00f3\u0142autorem kilku rozwi\u0105za\u0144 technicznych <br>i urz\u0105dze\u0144, kt\u00f3re s\u0105 dzia\u0142aj\u0105  w wielu krajach \u015bwiata.<\/p>\n\n\n\n<p>Ciesz\u0119 si\u0119 z utrzymywania dobrych, cz\u0119sto kole\u017ce\u0144skich lub przyjacielskich relacji z wsp\u00f3\u0142pracownikami i cz\u0142onkami zespo\u0142\u00f3w, kt\u00f3rymi mia\u0142em okazj\u0119 kierowa\u0107 lub wspiera\u0107.<\/p>\n\n\n\n<p>Wiele projekt\u00f3w, w kt\u00f3rych uczestniczy\u0142em lub prowadzi\u0142em powiod\u0142o si\u0119 g\u0142\u00f3wnie dlatego, \u017ce zesp\u00f3\u0142 je realizuj\u0105cy by\u0142 zmotywowany, mia\u0142 sp\u00f3jn\u0105 wizj\u0119, a r\u00f3\u017cnice zda\u0144 i problemy by\u0142y rozwi\u0105zywane wsp\u00f3lnie, z poszanowaniem poszczeg\u00f3lnych os\u00f3b. <\/p>\n\n\n\n<p>Jako prezes zarz\u0105du Kolei \u015al\u0105skich, przy wsp\u00f3lnym<strong> <\/strong>wysi\u0142ku \u00f3wczesnego kierownictwa i zespo\u0142u, opracowa\u0142em biznesplan i zrealizowa\u0142em go m.in. przenosz\u0105c baz\u0119 warsztatow\u0105 i administracyjn\u0105 do Katowic, pozyskuj\u0105c finansowanie w wysoko\u015bci 280 mln z\u0142otych na zakup nowoczesnego taboru kolejowego (<strong>21 nowych elektrycznych zespo\u0142\u00f3w trakcyjnych ELF2<\/strong>) wsp\u00f3lnie z Wojew\u00f3dztwem \u015al\u0105skim, zmodyfikowa\u0142em rozwi\u0105zania taryfowo-biletowe wprowadzaj\u0105c m.in. wsp\u00f3lny <strong>Metrobilet <\/strong>(nazw\u0119 te\u017c wymy\u015bli\u0142em) na kolej i komunikacj\u0119 miejsk\u0105 w Metropolii oraz <strong>zwi\u0119kszy\u0142em liczb\u0119 pasa\u017cer\u00f3w Kolei \u015al\u0105skich o 25%<\/strong>, to jest z 15 do niemal 20 milion\u00f3w podr\u00f3\u017cnych w ci\u0105gu roku. Z tego tytu\u0142u uzyska\u0142em absolutoria za ka\u017cdy rok pe\u0142nienia tej funkcji, z kt\u00f3rej zrezygnowa\u0142em sam w maju 2019 roku.<\/p>\n\n\n\n<p>Z mojej inicjatywy powsta\u0142 przystanek kolejowy <strong>Chorz\u00f3w Uniwersytet, Bytom Stroszek<\/strong>, uruchomiono po\u0142\u0105czenia <strong>Bytom &#8211; Gliwice<\/strong>, gdzie powstan\u0105 te\u017c <strong>2 przystanki w Zabrzu<\/strong>.<\/p>\n\n\n\n<p>Kieruj\u0105c projektami kolejowymi w Metropolii wraz z zespo\u0142em osi\u0105gn\u0105\u0142em zakwalifikowanie i uruchomienie 6 zg\u0142oszonych i opracowanych pod naszym nadzorem projekt\u00f3w w rz\u0105dowym Programie Kolej+, a obejmuj\u0105cych odtworzenie ruchu pasa\u017cerskiego na liniach<strong> Gliwice &#8211; Ruda Koch\u0142owice \u2013 Chorz\u00f3w Nied\u017awiedziniec <\/strong>(nowy przystanek)<strong> \u2013 Katowice, Bytom \u2013 Ruda Orzeg\u00f3w <\/strong>(nowy przystanek)<strong> \u2013 Ruda Chebzie, Katowice \u2013 Murcki \u2013 Kostuchna \u2013 Tychy, Pyskowice \u2013 Pyskowice Miasto <\/strong>(odbudowa linii),<strong> D\u0105browa G\u00f3rnicza Strzemieszyce \u2013 D.G. Tworze\u0144 \u2013 D.G. Go\u0142on\u00f3g <\/strong>(odbudowa linii)<strong> <\/strong>oraz budowa drugiego toru na linii<strong> Katowice Ligota \u2013 Miko\u0142\u00f3w \u2013 Orzesze Ja\u015bkowice<\/strong>.  <\/p>\n\n\n\n<p>\u0141\u0105czna warto\u015b\u0107 tych projekt\u00f3w, dla kt\u00f3rych finansowanie b\u0119dzie pochodzi\u0142o g\u0142\u00f3wnie ze \u015brodk\u00f3w rz\u0105dowych, to ponad <strong>1,5 miliarda z\u0142otych<\/strong>. <\/p>\n\n\n\n<p>Zako\u0144czy\u0142em te\u017c nadz\u00f3r i konsultacje nad studium wykonalno\u015bci dla budowy drugiej pary tor\u00f3w aglomeracyjnych na trasie Katowice &#8211; Gliwice, z planowanymi nowymi przystankami <strong>Katowice os. Witosa, \u015awi\u0119toch\u0142owice Mijanka, Zabrze Zaborze Pn., Zabrze Armii Krajowej<\/strong>.<\/p>\n\n\n\n<p><\/p>\n\n\n\n<h2 class=\"wp-block-heading\">G\u00f3rno\u015bl\u0105ski Park Krajobrazowy<\/h2>\n\n\n\n<p>Wi\u0119cej o tej idei &#8211; <a href=\"http:\/\/dinges.pl\/?page_id=1290\" data-type=\"link\" data-id=\"http:\/\/dinges.pl\/?page_id=1290\">tutaj<\/a>.<\/p>\n\n\n\n<figure class=\"wp-block-image size-full is-resized\"><img loading=\"lazy\" decoding=\"async\" width=\"1024\" height=\"576\" src=\"http:\/\/dinges.pl\/wp-content\/uploads\/2022\/01\/DSC06507.jpg\" alt=\"\" class=\"wp-image-31\" style=\"object-fit:cover;width:396px;height:auto\" srcset=\"http:\/\/dinges.pl\/wp-content\/uploads\/2022\/01\/DSC06507.jpg 1024w, http:\/\/dinges.pl\/wp-content\/uploads\/2022\/01\/DSC06507-300x169.jpg 300w, http:\/\/dinges.pl\/wp-content\/uploads\/2022\/01\/DSC06507-768x432.jpg 768w\" sizes=\"auto, (max-width: 1024px) 100vw, 1024px\" \/><\/figure>\n<\/div>\n<\/div>\n\n\n\n<div style=\"height:100px\" aria-hidden=\"true\" class=\"wp-block-spacer\"><\/div>\n","protected":false},"excerpt":{"rendered":"<p>Wykszta\u0142cenie Jestem absolwentem studi\u00f3w magisterskich oraz doktoranckich na Wydziale Automatyki, Elektroniki i Informatyki Politechniki \u015al\u0105skiej w Gliwicach. Uko\u0144czy\u0142em studia podyplomowe z zakresu zarz\u0105dzania przedsi\u0119biorstwem w Unii Europejskiej organizowane przez Szko\u0142\u0119 &#8230;<\/p>\n","protected":false},"author":1,"featured_media":14,"parent":0,"menu_order":0,"comment_status":"closed","ping_status":"closed","template":"","meta":{"footnotes":""},"class_list":["post-6","page","type-page","status-publish","has-post-thumbnail","hentry"],"_links":{"self":[{"href":"http:\/\/dinges.pl\/index.php?rest_route=\/wp\/v2\/pages\/6","targetHints":{"allow":["GET"]}}],"collection":[{"href":"http:\/\/dinges.pl\/index.php?rest_route=\/wp\/v2\/pages"}],"about":[{"href":"http:\/\/dinges.pl\/index.php?rest_route=\/wp\/v2\/types\/page"}],"author":[{"embeddable":true,"href":"http:\/\/dinges.pl\/index.php?rest_route=\/wp\/v2\/users\/1"}],"replies":[{"embeddable":true,"href":"http:\/\/dinges.pl\/index.php?rest_route=%2Fwp%2Fv2%2Fcomments&post=6"}],"version-history":[{"count":43,"href":"http:\/\/dinges.pl\/index.php?rest_route=\/wp\/v2\/pages\/6\/revisions"}],"predecessor-version":[{"id":1326,"href":"http:\/\/dinges.pl\/index.php?rest_route=\/wp\/v2\/pages\/6\/revisions\/1326"}],"wp:featuredmedia":[{"embeddable":true,"href":"http:\/\/dinges.pl\/index.php?rest_route=\/wp\/v2\/media\/14"}],"wp:attachment":[{"href":"http:\/\/dinges.pl\/index.php?rest_route=%2Fwp%2Fv2%2Fmedia&parent=6"}],"curies":[{"name":"wp","href":"https:\/\/api.w.org\/{rel}","templated":true}]}}